{"id":33570,"date":"2024-07-03T16:30:28","date_gmt":"2024-07-03T14:30:28","guid":{"rendered":"https:\/\/staging.praxas.com\/product\/sin%20categor\u00eda\/gran-frigorifico-farmaceutico-lre-285\/"},"modified":"2026-01-20T10:04:10","modified_gmt":"2026-01-20T09:04:10","slug":"gran-frigorifico-farmaceutico-lre-285","status":"publish","type":"product","link":"https:\/\/praxas.com\/es\/product\/refrigeracion_productos\/frigorificos\/gran-frigorifico-farmaceutico-lre-285\/","title":{"rendered":"Frigor\u00edfico Farmac\u00e9utico Mediano LRE 285"},"content":{"rendered":"<div class=\"flex flex-grow flex-col max-w-full\">\n<div class=\"min-h-[20px] text-message flex flex-col items-start gap-3 whitespace-pre-wrap break-words [.text-message+&amp;]:mt-5 overflow-x-auto\" data-message-author-role=\"assistant\" data-message-id=\"907283c1-6e54-4b36-bb66-70395828fa1c\">\n<div class=\"markdown prose w-full break-words dark:prose-invert light\">\n<p>El frigor\u00edfico de temperatura ultrabaja ARCTIKO LRE 285 re\u00fane las caracter\u00edsticas esenciales para las aplicaciones farmac\u00e9uticas, todo ello a un precio atractivo. Dise\u00f1ada pensando en la sostenibilidad, esta serie de frigor\u00edficos farmac\u00e9uticos ecol\u00f3gicos presenta un bajo consumo de energ\u00eda sin comprometer la flexibilidad, la seguridad ni la fiabilidad. Equipado con un controlador digital que incluye un registrador de datos integrado, puedes controlar continuamente los datos de temperatura, garantizando la seguridad e integridad de tus materiales almacenados. Este frigor\u00edfico farmac\u00e9utico vertical, con puerta maciza y una capacidad de 265 L, funciona en un intervalo de temperatura de +2 \u00b0C a +8 \u00b0C, lo que lo convierte en la elecci\u00f3n perfecta para quienes necesitan una soluci\u00f3n de almacenamiento de alto rendimiento a temperaturas ultrabajas.<\/p>\n<\/div>\n<\/div>\n<\/div>\n<ul>\n<li>Vertical<\/li>\n<li>Puerta maciza<\/li>\n<li>Capacidad 265L<\/li>\n<li>Gama +2 \u00b0C \/ +8 \u00b0C<\/li>\n<\/ul>\n<div class=\"flex-1 overflow-hidden\">\n<div class=\"react-scroll-to-bottom--css-deawi-79elbk h-full\">\n<div class=\"react-scroll-to-bottom--css-deawi-1n7m0yu\">\n<div class=\"flex flex-col text-sm pb-9\">\n<div class=\"w-full text-token-text-primary\" data-testid=\"conversation-turn-7\">\n<div class=\"px-4 py-2 justify-center text-base md:gap-6 m-auto\">\n<div class=\"flex flex-1 text-base mx-auto gap-3 md:px-5 lg:px-1 xl:px-5 md:max-w-3xl lg:max-w-[40rem] xl:max-w-[48rem] group final-completion\">\n<div class=\"relative flex w-full flex-col agent-turn\">\n<div class=\"flex-col gap-1 md:gap-3\">\n<div class=\"flex flex-grow flex-col max-w-full\">\n<div class=\"min-h-[20px] text-message flex flex-col items-start gap-3 whitespace-pre-wrap break-words [.text-message+&amp;]:mt-5 overflow-x-auto\" data-message-author-role=\"assistant\" data-message-id=\"907283c1-6e54-4b36-bb66-70395828fa1c\">\n<div class=\"markdown prose w-full break-words dark:prose-invert light\"><\/div>\n<\/div>\n<\/div>\n<div class=\"pr-2 lg:pr-0\"><\/div>\n<\/div>\n<\/div>\n<\/div>\n<\/div>\n<\/div>\n<\/div>\n<\/div>\n<\/div>\n<\/div>\n<div class=\"w-full pt-2 md:pt-0 dark:border-white\/20 md:border-transparent md:dark:border-transparent md:w-[calc(100%-.5rem)]\">\n<form class=\"stretch mx-2 flex flex-row gap-3 last:mb-2 md:mx-4 md:last:mb-6 lg:mx-auto lg:max-w-2xl xl:max-w-3xl\">\n<div class=\"relative flex h-full flex-1 flex-col\">\n<div class=\"flex w-full items-center\">\n<div class=\"overflow-hidden [&amp;:has(textarea:focus)]:border-token-border-xheavy [&amp;:has(textarea:focus)]:shadow-[0_2px_6px_rgba(0,0,0,.05)] flex flex-col w-full flex-grow relative border dark:text-white rounded-2xl bg-token-main-surface-primary border-token-border-medium\">\n<div data-grammarly-part=\"button\">\n<div>\n<div>\n<div class=\"amkYk\">\n<div>\n<div class=\"ptGJG\"><\/div>\n<\/div>\n<\/div>\n<\/div>\n<\/div>\n<\/div>\n<\/div>\n<\/div>\n<\/div>\n<\/form>\n<\/div>\n","protected":false},"excerpt":{"rendered":"<ul>\n<li>+2 \u00b0C \/ +8 \u00b0C<\/li>\n<li>Modelo vertical &#8211; 265L<\/li>\n<li>Tecnolog\u00eda de compresor \u00fanico<\/li>\n<li>Bajo consumo de energ\u00eda<\/li>\n<li>Refrigerante ecol\u00f3gico<\/li>\n<li>100% libre de HCFC y CFC<\/li>\n<li>Refrigeraci\u00f3n por aire forzado<\/li>\n<li>Estantes regulables<\/li>\n<li>Cerradura con llave en la puerta<\/li>\n<li>Desescarche autom\u00e1tico<\/li>\n<\/ul>\n","protected":false},"featured_media":33571,"template":"","meta":{"_acf_changed":false,"content-type":"","_uag_custom_page_level_css":""},"product_brand":[],"product_cat":[1822,1826,1774],"product_tag":[2526,2585,2632,2593],"class_list":{"0":"post-33570","1":"product","2":"type-product","3":"status-publish","4":"has-post-thumbnail","6":"product_cat-frigorificos","7":"product_cat-2c-8c-refrigeradores-biomedicos","8":"product_cat-refrigeracion_productos","9":"product_tag-arctiko-es","10":"product_tag-flexaline-es","11":"product_tag-frigorifico","12":"product_tag-gama-lre","13":"product_shipping_class-pesado","15":"first","16":"instock","17":"taxable","18":"shipping-taxable","19":"purchasable","20":"product-type-simple"},"bundled_by":[],"bundle_stock_status":"instock","bundle_stock_quantity":null,"bundle_virtual":false,"bundle_layout":"","bundle_add_to_cart_form_location":"","bundle_editable_in_cart":false,"bundle_sold_individually_context":"","bundle_item_grouping":"","bundle_min_size":"","bundle_max_size":"","bundle_price":[],"bundled_items":[],"bundle_sell_ids":[],"acf":[],"spectra_custom_meta":{"_wcml_average_rating":[null],"_wcml_review_count":[null],"_wcml_rating_count":[null],"_backorders":["no"],"_download_limit":["0"],"_download_expiry":["0"],"_downloadable":["no"],"_manage_stock":["no"],"_sku":["1900026-01"],"_stock_status":["instock"],"_sold_individually":["no"],"_tax_class":[""],"_tax_status":["taxable"],"_virtual":["no"],"_weight":["75"],"_width":["660"],"_height":["1662"],"_length":["650"],"total_sales":["0"],"product_datasheet":[""],"_product_datasheet":["field_650ad7d6ea3a0"],"_connectivity":["field_64dce263bb57c"],"brand":["Arctiko"],"_brand":["field_64ddf62ed2593"],"brand_image":[""],"_brand_image":["field_650c5e7c84cae"],"_specifications_table":["field_65044e1db92a8"],"_display_data_alarm":["field_667d647bcb066"],"_resources":["field_650849c6945ee"],"_accessories":["field_650849e6945f0"],"_faqs":["field_650859523d8d5"],"_calibration_suitable_ids_gb":["field_654b4c4acb54a"],"_calibration_suitable_ids_us":["field_654b4c56cb54b"],"_show_in_calibration_suitable":["field_654cfb691d345"],"_shipping":["field_66852535c98a5"],"_refrigerant_cabinet":["field_66852557c98a6"],"_main_specifications":["field_66855b25b1245"],"_usd_price_4":["field_651570dcac479"],"_usd_price_9":["field_6515713eb4807"],"_usd_price_24":["field_65157141b4809"],"_usd_price_49":["field_65157140b4808"],"_usd_price_99":["field_6515715bb480a"],"_gbp_price_4":["field_6515716e83bfa"],"_gbp_price_9":["field_6515724783bfb"],"_gbp_price_24":["field_6515724b83bfc"],"_gbp_price_49":["field_6515725983bfd"],"_gbp_price_99":["field_6515725d83bfe"],"_usdhk_price_4":["field_6515726f83bff"],"_usdhk_price_9":["field_6515727c83c00"],"_usdhk_price_24":["field_6515728083c01"],"_usdhk_price_49":["field_6515728983c02"],"_usdhk_price_99":["field_6515728e83c03"],"stock_options":["In stock"],"_stock_options":["field_6544b605dc7f9"],"_top_nav_excluded":[""],"_cms_nav_minihome":[""],"wcml_sync_hash":["a:1:{s:15:\"postmeta_fields\";s:32:\"5624b030f1420cc06fb17fc38af0ce25\";}"],"attr_label_translations":["a:0:{}"],"_product_attributes":["a:4:{s:16:\"pa_product-brand\";a:6:{s:4:\"name\";s:16:\"pa_product-brand\";s:5:\"value\";s:0:\"\";s:8:\"position\";i:0;s:10:\"is_visible\";i:1;s:12:\"is_variation\";i:0;s:11:\"is_taxonomy\";i:1;}s:19:\"pa_product-features\";a:6:{s:4:\"name\";s:19:\"pa_product-features\";s:5:\"value\";s:0:\"\";s:8:\"position\";i:1;s:10:\"is_visible\";i:1;s:12:\"is_variation\";i:0;s:11:\"is_taxonomy\";i:1;}s:11:\"pa_capacity\";a:6:{s:4:\"name\";s:11:\"pa_capacity\";s:5:\"value\";s:0:\"\";s:8:\"position\";i:2;s:10:\"is_visible\";i:1;s:12:\"is_variation\";i:0;s:11:\"is_taxonomy\";i:1;}s:14:\"pa_temperature\";a:6:{s:4:\"name\";s:14:\"pa_temperature\";s:5:\"value\";s:0:\"\";s:8:\"position\";i:3;s:10:\"is_visible\";i:1;s:12:\"is_variation\";i:0;s:11:\"is_taxonomy\";i:1;}}"],"_thumbnail_id":["33571"],"_product_image_gallery":["33572,33573,33574"],"_crosssell_ids":["a:0:{}"],"_last_translation_edit_mode":["translation-editor"],"connectivity":[""],"_calibration":["field_66a0ddd599972"],"_wpml_word_count":["204"],"min_temp":["2"],"max_temp":["8"],"_min_temp":["field_67ea5eb4e0a77"],"_max_temp":["field_67ea5f81e0a79"],"rank_math_primary_product_cat":["411"],"_other_features_arctiko":["field_668524f8c98a4"],"hubwoo_ecomm_pro_id":["21349188217"],"_other_features":["field_686fa2aa98dce"],"shipping":["<table class=\"specifications\">\n<tbody>\n<tr>\n<td class=\"left-td\">Peso de env\u00edo (KG)<\/td>\n<td>75<\/td>\n<\/tr>\n<tr>\n<td class=\"left-td\">Dimensiones de env\u00edo AnxPrxAl (cm)<\/td>\n<td>650x660x1662<\/td>\n<\/tr>\n<tr>\n<td class=\"left-td\">Volumen de env\u00edo (M\u00b3)<\/td>\n<td>0,71<\/td>\n<\/tr>\n<\/tbody>\n<\/table>"],"_regular_price":["1795"],"_price":["1795"],"rank_math_description":["Descubre el frigor\u00edfico farmac\u00e9utico de temperatura ultrabaja Flexaline LRE 285 de ARCTIKO, perfecto para el almacenamiento de productos farmac\u00e9uticos, con un dise\u00f1o ecol\u00f3gico, un bajo consumo de energ\u00eda y una flexibilidad, seguridad y fiabilidad superiores.  "],"rank_math_focus_keyword":["frigor\u00edfico farmac\u00e9utico"],"display_data_alarm":["<table class=\"specifications\">\n<tbody>\n<tr>\n<td class=\"left-td\">Mostrar Alarma Como Texto - No C\u00f3digos<\/td>\n<td>No<\/td>\n<\/tr>\n<tr>\n<td class=\"left-td\">Alarma Visual \/ Ac\u00fastica<\/td>\n<td>S\u00ed \/ S\u00ed<\/td>\n<\/tr>\n<tr>\n<td class=\"left-td\">Alarma de fallo de alimentaci\u00f3n<\/td>\n<td>S\u00ed<\/td>\n<\/tr>\n<tr>\n<td class=\"left-td\">Alarma ajustable de temperatura alta\/baja<\/td>\n<td>S\u00ed \/ S\u00ed<\/td>\n<\/tr>\n<tr>\n<td class=\"left-td\">Alarma de puerta abierta<\/td>\n<td>S\u00ed<\/td>\n<\/tr>\n<tr>\n<td class=\"left-td\">Alarma de fallo de sonda<\/td>\n<td>S\u00ed<\/td>\n<\/tr>\n<tr>\n<td class=\"left-td\">Alarma de bater\u00eda baja<\/td>\n<td>S\u00ed<\/td>\n<\/tr>\n<tr>\n<td class=\"left-td\">Alarma de fallo del compresor<\/td>\n<td>No<\/td>\n<\/tr>\n<tr>\n<td class=\"left-td\">Contacto sin tensi\u00f3n para alarma remota (por ejemplo, m\u00f3dulo de alarma GSM)<\/td>\n<td>S\u00ed<\/td>\n<\/tr>\n<tr>\n<td class=\"left-td\">Registrador electr\u00f3nico de datos<\/td>\n<td>S\u00ed<\/td>\n<\/tr>\n<tr>\n<td class=\"left-td\">Puerto USB para actualizaci\u00f3n de software y descarga de datos<\/td>\n<td>S\u00ed<\/td>\n<\/tr>\n<tr>\n<td class=\"left-td\">Registrador gr\u00e1fico de temperatura<\/td>\n<td>No<\/td>\n<\/tr>\n<tr>\n<td class=\"left-td\">Tipo de pantalla<\/td>\n<td>Digital<\/td>\n<\/tr>\n<tr>\n<td class=\"left-td\">N\u00famero De Sondas De Referencia Opcionales<\/td>\n<td>N\/A<\/td>\n<\/tr>\n<tr>\n<td class=\"left-td\">Protecci\u00f3n por contrase\u00f1a para encender\/apagar<\/td>\n<td>No<\/td>\n<\/tr>\n<tr>\n<td class=\"left-td\">Gr\u00e1fico de temperatura en pantalla<\/td>\n<td>No<\/td>\n<\/tr>\n<\/tbody>\n<\/table>"],"resources":["<ul class=\"resources-list\">\n \t<li><img src=\"https:\/\/praxas.com\/wp-content\/uploads\/document-icon.png\" alt=\"Icono de documento\"><a href=\"https:\/\/arctiko.com\/wp-content\/uploads\/Data-Sheet-for-LRE-285.pdf\" target=\"_blank\" rel=\"noopener\">Ficha t\u00e9cnica del producto LRE 285<\/a><\/li>\n \t<li><img src=\"https:\/\/praxas.com\/wp-content\/uploads\/document-icon.png\" alt=\"Icono de documento\"><a href=\"https:\/\/arctiko.com\/wp-content\/uploads\/Wiring-diagram-for-LRE-285.pdf\" target=\"_blank\" rel=\"noopener\">Esquema el\u00e9ctrico LRE 285<\/a><\/li>\n \t<li><img src=\"https:\/\/praxas.com\/wp-content\/uploads\/document-icon.png\" alt=\"Icono de documento\"><a href=\"https:\/\/arctiko.com\/wp-content\/uploads\/Dimension-drawing-for-LRE-285.pdf\" target=\"_blank\" rel=\"noopener\">Dibujo acotado LRE 285<\/a><\/li>\n<\/ul>"],"other_features":["<table class=\"specifications\">\n<tbody>\n<tr>\n<td class=\"left-td\">Desescarche autom\u00e1tico<\/td>\n<td>S\u00ed<\/td>\n<\/tr>\n<tr>\n<td class=\"left-td\">Funci\u00f3n anticongelante<\/td>\n<td>S\u00ed (2\u00b0C)<\/td>\n<\/tr>\n<tr>\n<td class=\"left-td\">Puerto de liberaci\u00f3n de vac\u00edo<\/td>\n<td>No<\/td>\n<\/tr>\n<tr>\n<td class=\"left-td\">Puerto de acceso para sonda externa, etc. (Di\u00e1metro int. mm)<\/td>\n<td>20<\/td>\n<\/tr>\n<tr>\n<td class=\"left-td\">Luz<\/td>\n<td>S\u00ed<\/td>\n<\/tr>\n<tr>\n<td class=\"left-td\">Cerradura con llave<\/td>\n<td>S\u00ed<\/td>\n<\/tr>\n<tr>\n<td class=\"left-td\">Ruedas (Piezas Totales) \/ Ruedas Con Freno (Piezas)<\/td>\n<td>Sin<\/td>\n<\/tr>\n<tr>\n<td class=\"left-td\">Pies fijos (uds.) \/ Pies niveladores (uds.)<\/td>\n<td>4\/4<\/td>\n<\/tr>\n<tr>\n<td class=\"left-td\">Subtapas O Puertas Interiores (uds.)<\/td>\n<td>No<\/td>\n<\/tr>\n<tr>\n<td class=\"left-td\">Puertas reversibles (uds.)<\/td>\n<td>S\u00ed<\/td>\n<\/tr>\n<tr>\n<td class=\"left-td\">Estantes Fijos (Uds.) \/ Estantes Ajustables (Uds.)<\/td>\n<td>0 \/ 6<\/td>\n<\/tr>\n<tr>\n<td class=\"left-td\">M\u00e1x. No. De Estantes (Uds.) \/ Max. Recomendado No. De Estantes (uds.)<\/td>\n<td>6 \/ 6<\/td>\n<\/tr>\n<tr>\n<td class=\"left-td\">Carga m\u00e1xima por balda (Kg)<\/td>\n<td>19<\/td>\n<\/tr>\n<\/tbody>\n<\/table>"],"refrigerant_cabinet":["<table class=\"specifications\">\n<tbody>\n<tr>\n<td class=\"left-td\">N\u00famero de compresores<\/td>\n<td>1<\/td>\n<\/tr>\n<tr>\n<td class=\"left-td\">Refrigerante<\/td>\n<td>R290<\/td>\n<\/tr>\n<tr>\n<td class=\"left-td\">Material del armario interior<\/td>\n<td>Chapa de aluminio con recubrimiento de polvo\n<\/td>\n<\/tr>\n<tr>\n<td class=\"left-td\">Material del armario exterior<\/td>\n<td>Acero galvanizado con recubrimiento de polvo\n<\/td>\n<\/tr>\n<tr>\n<td class=\"left-td\">Color (armario exterior)<\/td>\n<td>Blanco<\/td>\n<\/tr>\n<tr>\n<td class=\"left-td\">Agente espumante<\/td>\n<td>Ciclopentano<\/td>\n<\/tr>\n<tr>\n<td class=\"left-td\">Paneles VIP aislados al vac\u00edo<\/td>\n<td>No<\/td>\n<\/tr>\n<\/tbody>\n<\/table>"],"main_specifications":["<table class=\"specifications\">\n<tbody>\n<tr>\n<td class=\"left-td\">C\u00f3digo de art\u00edculo<\/td>\n<td>1900026-01<\/td>\n<\/tr>\n<tr>\n<td class=\"left-td\">Rango de temperatura (\u00b0C)<\/td>\n<td>de 2 \u00b0C a 8 \u00b0C<\/td>\n<\/tr>\n<tr>\n<td class=\"left-td\">M\u00e1x. Temperatura ambiente (\u00b0C)<\/td>\n<td>+32 \u00b0C<\/td>\n<\/tr>\n<tr>\n<td class=\"left-td\">Capacidad (L)<\/td>\n<td>[400\/ 395]<\/td>\n<\/tr>\n<tr>\n<td class=\"left-td\">Dimensiones exteriores AnxPxAl (mm)<\/td>\n<td>608x610\u00d71525<\/td>\n<\/tr>\n<tr>\n<td class=\"left-td\">Dimensiones interiores AnxPxAl (mm)<\/td>\n<td>500\u00d7450\u00d71290<\/td>\n<\/tr>\n<tr>\n<td class=\"left-td\">Peso (KG)<\/td>\n<td>64<\/td>\n<\/tr>\n<tr>\n<td class=\"left-td\">Aislamiento (mm)<\/td>\n<td>50<\/td>\n<\/tr>\n<tr>\n<td class=\"left-td\">Tecnolog\u00eda de refrigeraci\u00f3n<\/td>\n<td>Forzado por aire<\/td>\n<\/tr>\n<tr>\n<td class=\"left-td\">Modelo de controlador \/ Tipo de sonda<\/td>\n<td>Honker \/ NTC<\/td>\n<\/tr>\n<tr>\n<td class=\"left-td\">Fuente de alimentaci\u00f3n (V)<\/td>\n<td>239<\/td>\n<\/tr>\n<tr>\n<td class=\"left-td\">Frecuencia (Hz)<\/td>\n<td>50\/60<\/td>\n<\/tr>\n<tr>\n<td class=\"left-td\">Consumo de energ\u00eda (KWHH\/24H)<\/td>\n<td>2,3<\/td>\n<\/tr>\n<tr>\n<td class=\"left-td\">AMP (A)<\/td>\n<td>1.4<\/td>\n<\/tr>\n<tr>\n<td class=\"left-td\">Potencia (vatios)<\/td>\n<td>184<\/td>\n<\/tr>\n<tr>\n<td class=\"left-td\">Potencia en caballos (CV)<\/td>\n<td>1\/4<\/td>\n<\/tr>\n<\/tbody>\n<\/table>\n\u00a0"],"other_features_arctiko":["<table class=\"specifications\">\n<tbody>\n<tr>\n<td class=\"left-td\">Desescarche autom\u00e1tico<\/td>\n<td>S\u00ed<\/td>\n<\/tr>\n<tr>\n<td class=\"left-td\">Funci\u00f3n anticongelante<\/td>\n<td>S\u00ed (2\u00b0C)<\/td>\n<\/tr>\n<tr>\n<td class=\"left-td\">Puerto de liberaci\u00f3n de vac\u00edo<\/td>\n<td>No<\/td>\n<\/tr>\n<tr>\n<td class=\"left-td\">Puerto de acceso para sonda externa, etc. (Di\u00e1metro int. mm)<\/td>\n<td>20<\/td>\n<\/tr>\n<tr>\n<td class=\"left-td\">Luz<\/td>\n<td>S\u00ed<\/td>\n<\/tr>\n<tr>\n<td class=\"left-td\">Cerradura con llave<\/td>\n<td>S\u00ed<\/td>\n<\/tr>\n<tr>\n<td class=\"left-td\">Ruedas (Piezas Totales) \/ Ruedas Con Freno (Piezas)<\/td>\n<td>Sin<\/td>\n<\/tr>\n<tr>\n<td class=\"left-td\">Pies fijos (uds.) \/ Pies niveladores (uds.)<\/td>\n<td>4\/4<\/td>\n<\/tr>\n<tr>\n<td class=\"left-td\">Subtapas O Puertas Interiores (uds.)<\/td>\n<td>No<\/td>\n<\/tr>\n<tr>\n<td class=\"left-td\">Puertas reversibles (uds.)<\/td>\n<td>S\u00ed<\/td>\n<\/tr>\n<tr>\n<td class=\"left-td\">Estantes Fijos (Uds.) \/ Estantes Ajustables (Uds.)<\/td>\n<td>0 \/ 6<\/td>\n<\/tr>\n<tr>\n<td class=\"left-td\">M\u00e1x. No. De Estantes (Uds.) \/ Max. Recomendado No. De Estantes (uds.)<\/td>\n<td>6 \/ 6<\/td>\n<\/tr>\n<tr>\n<td class=\"left-td\">Carga m\u00e1xima por balda (Kg)<\/td>\n<td>19<\/td>\n<\/tr>\n<\/tbody>\n<\/table>"],"_uag_page_assets":["a:9:{s:3:\"css\";s:0:\"\";s:2:\"js\";s:0:\"\";s:18:\"current_block_list\";a:0:{}s:8:\"uag_flag\";b:0;s:11:\"uag_version\";s:10:\"1777052440\";s:6:\"gfonts\";a:0:{}s:10:\"gfonts_url\";s:0:\"\";s:12:\"gfonts_files\";a:0:{}s:14:\"uag_faq_layout\";b:0;}"],"_max_variation_price":[""],"_max_variation_regular_price":[""],"_max_variation_sale_price":[""],"_min_variation_price":[""],"_min_variation_regular_price":[""],"_min_variation_sale_price":[""],"_sale_price":[""],"_wc_pb_base_regular_price":[""],"_wc_pb_base_sale_price":[""],"_wc_pb_base_price":[""],"_wc_sw_max_price":[""],"_wc_sw_max_regular_price":[""],"_wc_rating_count":[""],"_wc_review_count":[""],"_wc_average_rating":[0]},"uagb_featured_image_src":{"full":["https:\/\/praxas.com\/wp-content\/uploads\/LRE-285_2_Website-800x463-1.jpg",800,463,false],"thumbnail":["https:\/\/praxas.com\/wp-content\/uploads\/LRE-285_2_Website-800x463-1-150x150.jpg",150,150,true],"medium":["https:\/\/praxas.com\/wp-content\/uploads\/LRE-285_2_Website-800x463-1-300x174.jpg",300,174,true],"medium_large":["https:\/\/praxas.com\/wp-content\/uploads\/LRE-285_2_Website-800x463-1-768x444.jpg",768,444,true],"large":["https:\/\/praxas.com\/wp-content\/uploads\/LRE-285_2_Website-800x463-1.jpg",800,463,false],"1536x1536":["https:\/\/praxas.com\/wp-content\/uploads\/LRE-285_2_Website-800x463-1.jpg",800,463,false],"2048x2048":["https:\/\/praxas.com\/wp-content\/uploads\/LRE-285_2_Website-800x463-1.jpg",800,463,false],"crunchify-admin-post-featured-image":["https:\/\/praxas.com\/wp-content\/uploads\/LRE-285_2_Website-800x463-1-120x69.jpg",120,69,true],"commercegurus-pdp-large":["https:\/\/praxas.com\/wp-content\/uploads\/LRE-285_2_Website-800x463-1.jpg",800,463,false],"commercegurus-plp-mobile":["https:\/\/praxas.com\/wp-content\/uploads\/LRE-285_2_Website-800x463-1-441x255.jpg",441,255,true],"cgkit_image_swatch":["https:\/\/praxas.com\/wp-content\/uploads\/LRE-285_2_Website-800x463-1-100x100.jpg",100,100,true],"woocommerce_thumbnail":["https:\/\/praxas.com\/wp-content\/uploads\/LRE-285_2_Website-800x463-1-350x203.jpg",350,203,true],"woocommerce_single":["https:\/\/praxas.com\/wp-content\/uploads\/LRE-285_2_Website-800x463-1.jpg",800,463,false],"woocommerce_gallery_thumbnail":["https:\/\/praxas.com\/wp-content\/uploads\/LRE-285_2_Website-800x463-1-150x87.jpg",150,87,true]},"uagb_author_info":{"display_name":"Alex James","author_link":"https:\/\/praxas.com\/es\/author\/"},"uagb_comment_info":0,"uagb_excerpt":"+2 \u00b0C \/ +8 \u00b0C Modelo vertical - 265L Tecnolog\u00eda de compresor \u00fanico Bajo consumo de energ\u00eda Refrigerante ecol\u00f3gico 100% libre de HCFC y CFC Refrigeraci\u00f3n por aire forzado Estantes regulables Cerradura con llave en la puerta Desescarche autom\u00e1tico","_links":{"self":[{"href":"https:\/\/praxas.com\/es\/wp-json\/wp\/v2\/product\/33570","targetHints":{"allow":["GET"]}}],"collection":[{"href":"https:\/\/praxas.com\/es\/wp-json\/wp\/v2\/product"}],"about":[{"href":"https:\/\/praxas.com\/es\/wp-json\/wp\/v2\/types\/product"}],"wp:featuredmedia":[{"embeddable":true,"href":"https:\/\/praxas.com\/es\/wp-json\/wp\/v2\/media\/33571"}],"wp:attachment":[{"href":"https:\/\/praxas.com\/es\/wp-json\/wp\/v2\/media?parent=33570"}],"wp:term":[{"taxonomy":"product_brand","embeddable":true,"href":"https:\/\/praxas.com\/es\/wp-json\/wp\/v2\/product_brand?post=33570"},{"taxonomy":"product_cat","embeddable":true,"href":"https:\/\/praxas.com\/es\/wp-json\/wp\/v2\/product_cat?post=33570"},{"taxonomy":"product_tag","embeddable":true,"href":"https:\/\/praxas.com\/es\/wp-json\/wp\/v2\/product_tag?post=33570"}],"curies":[{"name":"wp","href":"https:\/\/api.w.org\/{rel}","templated":true}]}}